{"id":950,"date":"2016-10-02T18:17:49","date_gmt":"2016-10-02T18:17:49","guid":{"rendered":"http:\/\/spl-arquitectos.com\/wp\/?page_id=950"},"modified":"2025-12-14T13:36:02","modified_gmt":"2025-12-14T13:36:02","slug":"about-us","status":"publish","type":"page","link":"https:\/\/spl-arquitectos.com\/index.php\/about-us\/","title":{"rendered":"ATELIER"},"content":{"rendered":"<div id=\"pl-950\"  class=\"panel-layout\" ><div id=\"pg-950-0\"  class=\"panel-grid panel-has-style\" ><div class=\"siteorigin-panels-stretch panel-row-style panel-row-style-for-950-0\" style=\"text-align: center;padding: 30px 0; \" data-stretch-type=\"full-width-stretch\" data-overlay=\"true\" ><div id=\"pgc-950-0-0\"  class=\"panel-grid-cell panel-grid-cell-empty\" ><\/div><div id=\"pgc-950-0-1\"  class=\"panel-grid-cell panel-grid-cell-mobile-last\" ><div id=\"panel-950-0-1-0\" class=\"so-panel widget widget_sow-editor panel-first-child panel-last-child\" data-index=\"0\" ><div style=\"text-align: left;\" data-title-color=\"#443f3f\" data-headings-color=\"#443f3f\" class=\"panel-widget-style panel-widget-style-for-950-0-1-0\" ><div\n\t\t\t\n\t\t\tclass=\"so-widget-sow-editor so-widget-sow-editor-base\"\n\t\t\t\n\t\t>\n<div class=\"siteorigin-widget-tinymce textwidget\">\n\t<p class=\"western\" lang=\"en-US\" style=\"text-align: center;\" align=\"justify\"><span style=\"color: #c7c7c7; font-size: 18pt;\"><span style=\"font-family: 'Swis721 LtEx BT', sans-serif;\">ATELIER<\/span><\/span><\/p>\n<p class=\"western\" lang=\"en-US\" align=\"justify\"><span style=\"color: #808080; font-size: 10pt;\"><span style=\"font-family: 'Swis721 LtEx BT', sans-serif;\"><span lang=\"en-US\">A SPL Arquitectos \u00e9 uma empresa de arquitetura, planeamento urbano e design de interiores com sede em Portugal, fundada em 2008. Especializamo-nos em criar solu\u00e7\u00f5es contempor\u00e2neas, sustent\u00e1veis e integradas no territ\u00f3rio, respondendo aos desafios da vida moderna com foco na efici\u00eancia energ\u00e9tica e na redu\u00e7\u00e3o do impacto ambiental. A nossa equipa multidisciplinar, composta por arquitetos, engenheiros e designers, \u00e9 complementada por uma rede de especialistas e consultores, garantindo a execu\u00e7\u00e3o completa de cada projeto, desde a conce\u00e7\u00e3o \u00e0 entrega final.<\/span><\/span><\/span><\/p>\n<\/div>\n<\/div><\/div><\/div><\/div><div id=\"pgc-950-0-2\"  class=\"panel-grid-cell panel-grid-cell-empty\" ><\/div><\/div><\/div><div id=\"pg-950-1\"  class=\"panel-grid panel-has-style\" ><div class=\"siteorigin-panels-stretch panel-row-style panel-row-style-for-950-1\" style=\"text-align: center;padding: 30px 0; \" data-stretch-type=\"full-width-stretch\" data-overlay=\"true\" ><div id=\"pgc-950-1-0\"  class=\"panel-grid-cell panel-grid-cell-empty\" ><\/div><div id=\"pgc-950-1-1\"  class=\"panel-grid-cell\" ><div id=\"panel-950-1-1-0\" class=\"so-panel widget widget_sow-editor panel-first-child panel-last-child\" data-index=\"1\" ><div style=\"text-align: left;\" data-title-color=\"#443f3f\" data-headings-color=\"#443f3f\" class=\"panel-widget-style panel-widget-style-for-950-1-1-0\" ><div\n\t\t\t\n\t\t\tclass=\"so-widget-sow-editor so-widget-sow-editor-base\"\n\t\t\t\n\t\t>\n<div class=\"siteorigin-widget-tinymce textwidget\">\n\t<p class=\"western\" lang=\"en-US\" style=\"text-align: center;\" align=\"justify\"><span style=\"color: #c7c7c7; font-size: 18pt;\"><span style=\"font-family: 'Swis721 LtEx BT', sans-serif;\"><span lang=\"en-US\">ARQUITECTURA<\/span><\/span><\/span><\/p>\n<p class=\"western\" lang=\"en-US\" align=\"justify\"><span style=\"color: #808080; font-size: 10pt;\"><span style=\"font-family: 'Swis721 LtEx BT', sans-serif;\"><span lang=\"en-US\">Cada projeto \u00e9 uma oportunidade para inovar, combinando criatividade, funcionalidade e sustentabilidade. A SPL Arquitectos acredita que a arquitetura pode transformar comunidades, cultura e qualidade de vida, e por isso coloca a vis\u00e3o e necessidades do cliente no centro do processo, acrescentando solu\u00e7\u00f5es originais e pr\u00e1ticas que maximizam o conforto, a est\u00e9tica e o desempenho energ\u00e9tico. Atuamos em projetos de diversa escala e tipologia, incluindo habita\u00e7\u00f5es unifamiliares, edif\u00edcios multifuncionais, planeamento urbano, paisagismo e design de interiores, sempre com aten\u00e7\u00e3o ao detalhe e \u00e0 integra\u00e7\u00e3o harmoniosa com o contexto envolvente.<\/span><\/span><\/span><\/p>\n<\/div>\n<\/div><\/div><\/div><\/div><div id=\"pgc-950-1-2\"  class=\"panel-grid-cell panel-grid-cell-empty\" ><\/div><div id=\"pgc-950-1-3\"  class=\"panel-grid-cell panel-grid-cell-mobile-last\" ><div id=\"panel-950-1-3-0\" class=\"so-panel widget widget_sow-editor panel-first-child panel-last-child\" data-index=\"2\" ><div style=\"text-align: left;\" data-title-color=\"#443f3f\" data-headings-color=\"#443f3f\" class=\"panel-widget-style panel-widget-style-for-950-1-3-0\" ><div\n\t\t\t\n\t\t\tclass=\"so-widget-sow-editor so-widget-sow-editor-base\"\n\t\t\t\n\t\t>\n<div class=\"siteorigin-widget-tinymce textwidget\">\n\t<p class=\"western\" lang=\"en-US\" style=\"text-align: center;\" align=\"justify\"><span style=\"color: #c7c7c7; font-size: 18pt;\"><span style=\"font-family: 'Swis721 LtEx BT', sans-serif;\">ENGENHARIA<\/span><\/span><\/p>\n<p class=\"western\" lang=\"en-US\" style=\"text-align: justify;\" align=\"justify\"><span style=\"color: #808080; font-size: 10pt;\"><span style=\"font-family: 'Swis721 LtEx BT', sans-serif;\"><span lang=\"en-US\">Os nossos servi\u00e7os de engenharia e gest\u00e3o de projetos asseguram que cada ideia se transforme em realidade, incluindo a obten\u00e7\u00e3o de licen\u00e7as junto das c\u00e2maras municipais, coordena\u00e7\u00e3o de obras e supervis\u00e3o de constru\u00e7\u00e3o. Combinamos inova\u00e7\u00e3o e pragmatismo para desenvolver solu\u00e7\u00f5es eficazes, funcionais e economicamente vi\u00e1veis, garantindo que cada projeto seja executado de forma eficiente, sustent\u00e1vel e de acordo com os mais altos padr\u00f5es de qualidade.<\/span><\/span><\/span><\/p>\n<\/div>\n<\/div><\/div><\/div><\/div><div id=\"pgc-950-1-4\"  class=\"panel-grid-cell panel-grid-cell-empty\" ><\/div><\/div><\/div><div id=\"pg-950-2\"  class=\"panel-grid panel-has-style\" ><div class=\"siteorigin-panels-stretch panel-row-style panel-row-style-for-950-2\" style=\"text-align: center;background-image: url(https:\/\/spl-arquitectos.com\/wp-content\/uploads\/House_CG_Porm_2.jpg);padding: 30px 0; \" data-stretch-type=\"full-width-stretch\" data-hasbg=\"hasbg\" data-overlay=\"true\" ><div id=\"pgc-950-2-0\"  class=\"panel-grid-cell panel-grid-cell-empty\" ><\/div><div id=\"pgc-950-2-1\"  class=\"panel-grid-cell\" ><div id=\"panel-950-2-1-0\" class=\"so-panel widget widget_sow-editor panel-first-child panel-last-child\" data-index=\"3\" ><div style=\"text-align: left;\" data-title-color=\"#443f3f\" data-headings-color=\"#443f3f\" class=\"panel-widget-style panel-widget-style-for-950-2-1-0\" ><div\n\t\t\t\n\t\t\tclass=\"so-widget-sow-editor so-widget-sow-editor-base\"\n\t\t\t\n\t\t>\n<div class=\"siteorigin-widget-tinymce textwidget\">\n\t<p class=\"western\" lang=\"en-US\" style=\"text-align: center;\" align=\"justify\"><span style=\"font-size: 18pt; color: #adadad;\"><span style=\"font-family: 'Swis721 LtEx BT', sans-serif;\"><span lang=\"en-US\">SERVI\u00c7OS DE ARQUITECTURA<\/span><\/span><\/span><\/p>\n<h6 class=\"western\" lang=\"en-US\" style=\"text-align: center;\" align=\"justify\"><span style=\"font-size: 14pt;\">\u00a0<\/span><\/h6>\n<p class=\"western\" lang=\"en-US\" style=\"text-align: center;\" align=\"justify\"><span style=\"font-size: 12pt; color: #ffffff;\">\u00a0<span style=\"font-family: 'Swis721 LtEx BT', sans-serif;\"><span lang=\"en-US\">Estudo Preliminar<\/span><\/span><\/span><\/p>\n<p class=\"western\" lang=\"en-US\" style=\"text-align: center;\" align=\"justify\"><span style=\"color: #ffffff; font-size: 12pt;\"><span style=\"font-family: 'Swis721 LtEx BT', sans-serif;\"><span lang=\"en-US\">Arquitectura<\/span><\/span><\/span><\/p>\n<p class=\"western\" lang=\"en-US\" style=\"text-align: center;\" align=\"justify\"><span style=\"color: #ffffff; font-size: 12pt;\"><span style=\"font-family: 'Swis721 LtEx BT', sans-serif;\"><span lang=\"en-US\">Reabilita\u00e7\u00e3o<\/span><\/span><\/span><\/p>\n<p class=\"western\" lang=\"en-US\" style=\"text-align: center;\" align=\"justify\"><span style=\"color: #ffffff; font-size: 12pt;\"><span style=\"font-family: 'Swis721 LtEx BT', sans-serif;\"><span lang=\"en-US\">Design de Interiores<\/span><\/span><\/span><\/p>\n<p class=\"western\" lang=\"en-US\" style=\"text-align: center;\" align=\"justify\"><span style=\"color: #ffffff; font-size: 12pt;\"><span style=\"font-family: 'Swis721 LtEx BT', sans-serif;\"><span lang=\"en-US\">Paisagismo<\/span><\/span><\/span><\/p>\n<p class=\"western\" lang=\"en-US\" style=\"text-align: center;\" align=\"justify\"><span style=\"color: #ffffff; font-size: 12pt;\"><span style=\"font-family: 'Swis721 LtEx BT', sans-serif;\"><span lang=\"en-US\">Planeamento Urbano<\/span><\/span><\/span><\/p>\n<p class=\"western\" lang=\"en-US\" style=\"text-align: center;\" align=\"justify\"><span style=\"color: #ffffff; font-size: 12pt;\"><span style=\"font-family: 'Swis721 LtEx BT', sans-serif;\"><span lang=\"en-US\">3D<\/span><\/span><\/span><\/p>\n<p class=\"western\" lang=\"en-US\" style=\"text-align: center;\" align=\"justify\"><span style=\"color: #ffffff; font-size: 12pt;\"><span style=\"font-family: 'Swis721 LtEx BT', sans-serif;\"><span lang=\"en-US\">Projecto de Execu\u00e7\u00e3o<\/span><\/span><\/span><\/p>\n<p class=\"western\" lang=\"en-US\" style=\"text-align: center;\" align=\"justify\"><span style=\"color: #ffffff; font-size: 12pt;\"><span style=\"font-family: 'Swis721 LtEx BT', sans-serif;\"><span lang=\"en-US\">Dire\u00e7\u00e3o e Fiscaliza\u00e7\u00e3o de Obras<\/span><\/span><\/span><\/p>\n<p class=\"western\" lang=\"en-US\" style=\"text-align: center;\" align=\"justify\"><span style=\"color: #ffffff; font-size: 12pt;\"><span style=\"font-family: 'Swis721 LtEx BT', sans-serif;\"><span lang=\"en-US\">Design Sustent\u00e1vel<\/span><\/span><\/span><\/p>\n<\/div>\n<\/div><\/div><\/div><\/div><div id=\"pgc-950-2-2\"  class=\"panel-grid-cell panel-grid-cell-empty\" ><\/div><div id=\"pgc-950-2-3\"  class=\"panel-grid-cell panel-grid-cell-mobile-last\" ><div id=\"panel-950-2-3-0\" class=\"so-panel widget widget_sow-editor panel-first-child panel-last-child\" data-index=\"4\" ><div style=\"text-align: left;\" data-title-color=\"#443f3f\" data-headings-color=\"#443f3f\" class=\"panel-widget-style panel-widget-style-for-950-2-3-0\" ><div\n\t\t\t\n\t\t\tclass=\"so-widget-sow-editor so-widget-sow-editor-base\"\n\t\t\t\n\t\t>\n<div class=\"siteorigin-widget-tinymce textwidget\">\n\t<p class=\"western\" lang=\"en-US\" style=\"text-align: center;\" align=\"justify\"><span style=\"font-size: 18pt; color: #adadad;\"><span style=\"font-family: 'Swis721 LtEx BT', sans-serif;\"><span lang=\"en-US\">SERVI\u00c7OS DE ENGENHARIA<\/span><\/span><\/span><\/p>\n<h6 class=\"western\" lang=\"en-US\" style=\"text-align: center;\" align=\"justify\"><span style=\"font-size: 14pt;\">\u00a0<\/span><\/h6>\n<p class=\"western\" lang=\"en-US\" style=\"text-align: center;\" align=\"justify\"><span style=\"font-size: 12pt; color: #ffffff;\">\u00a0<span style=\"font-family: 'Swis721 LtEx BT', sans-serif;\"><span lang=\"en-US\">Projecto de Estabilidade<\/span><\/span><\/span><\/p>\n<p class=\"western\" lang=\"en-US\" style=\"text-align: center;\" align=\"justify\"><span style=\"color: #ffffff; font-size: 12pt;\"><span style=\"font-family: 'Swis721 LtEx BT', sans-serif;\"><span lang=\"en-US\">Redes de Abastecimento de \u00c1gua Predial<\/span><\/span><\/span><\/p>\n<p class=\"western\" lang=\"en-US\" style=\"text-align: center;\" align=\"justify\"><span style=\"color: #ffffff; font-size: 12pt;\"><span style=\"font-family: 'Swis721 LtEx BT', sans-serif;\"><span lang=\"en-US\">Redes Drenagem de \u00c1guas Residuais Dom\u00e9sticas<\/span><\/span><\/span><\/p>\n<p class=\"western\" lang=\"en-US\" style=\"text-align: center;\" align=\"justify\"><span style=\"color: #ffffff; font-size: 12pt;\"><span style=\"font-family: 'Swis721 LtEx BT', sans-serif;\"><span lang=\"en-US\">Estudo de Comportamento T\u00e9rmico<\/span><\/span><\/span><\/p>\n<p class=\"western\" lang=\"en-US\" style=\"text-align: center;\" align=\"justify\"><span style=\"color: #ffffff; font-size: 12pt;\"><span style=\"font-family: 'Swis721 LtEx BT', sans-serif;\"><span lang=\"en-US\">Projecto de Condicionamento Acustico<\/span><\/span><\/span><\/p>\n<p class=\"western\" lang=\"en-US\" style=\"text-align: center;\" align=\"justify\"><span style=\"color: #ffffff; font-size: 12pt;\"><span style=\"font-family: 'Swis721 LtEx BT', sans-serif;\"><span lang=\"en-US\">Rede de Abastecimento de G\u00e1s<\/span><\/span><\/span><\/p>\n<p class=\"western\" lang=\"en-US\" style=\"text-align: center;\" align=\"justify\"><span style=\"color: #ffffff; font-size: 12pt;\"><span style=\"font-family: 'Swis721 LtEx BT', sans-serif;\"><span lang=\"en-US\">Certificado Energ\u00e9tico<\/span><\/span><\/span><\/p>\n<p class=\"western\" lang=\"en-US\" style=\"text-align: center;\" align=\"justify\"><span style=\"color: #ffffff; font-size: 12pt;\"><span style=\"font-family: 'Swis721 LtEx BT', sans-serif;\"><span lang=\"en-US\">Projecto de Eletricidade<\/span><\/span><\/span><\/p>\n<p class=\"western\" lang=\"en-US\" style=\"text-align: center;\" align=\"justify\"><span style=\"color: #ffffff; font-size: 12pt;\"><span style=\"font-family: 'Swis721 LtEx BT', sans-serif;\"><span lang=\"en-US\">Projecto de Telecomunica\u00e7\u00f5es (ITED)<\/span><\/span><\/span><\/p>\n<p class=\"western\" lang=\"en-US\" style=\"text-align: center;\" align=\"justify\"><span style=\"color: #ffffff; font-size: 12pt;\"><span style=\"font-family: 'Swis721 LtEx BT', sans-serif;\"><span lang=\"en-US\">Projecto de Climatiza\u00e7\u00e3o (AVAC)<\/span><\/span><\/span><\/p>\n<\/div>\n<\/div><\/div><\/div><\/div><div id=\"pgc-950-2-4\"  class=\"panel-grid-cell panel-grid-cell-empty\" ><\/div><\/div><\/div><\/div>","protected":false},"excerpt":{"rendered":"<p>ATELIER A SPL Arquitectos \u00e9 uma empresa de arquitetura, planeamento urbano e design de interiores com sede em Portugal, fundada em 2008.&hellip;<\/p>\n","protected":false},"author":2,"featured_media":0,"parent":0,"menu_order":0,"comment_status":"closed","ping_status":"closed","template":"page-templates\/page_front-page.php","meta":{"_exactmetrics_skip_tracking":false,"_exactmetrics_sitenote_active":false,"_exactmetrics_sitenote_note":"","_exactmetrics_sitenote_category":0,"footnotes":""},"class_list":["post-950","page","type-page","status-publish","hentry"],"_links":{"self":[{"href":"https:\/\/spl-arquitectos.com\/index.php\/wp-json\/wp\/v2\/pages\/950","targetHints":{"allow":["GET"]}}],"collection":[{"href":"https:\/\/spl-arquitectos.com\/index.php\/wp-json\/wp\/v2\/pages"}],"about":[{"href":"https:\/\/spl-arquitectos.com\/index.php\/wp-json\/wp\/v2\/types\/page"}],"author":[{"embeddable":true,"href":"https:\/\/spl-arquitectos.com\/index.php\/wp-json\/wp\/v2\/users\/2"}],"replies":[{"embeddable":true,"href":"https:\/\/spl-arquitectos.com\/index.php\/wp-json\/wp\/v2\/comments?post=950"}],"version-history":[{"count":69,"href":"https:\/\/spl-arquitectos.com\/index.php\/wp-json\/wp\/v2\/pages\/950\/revisions"}],"predecessor-version":[{"id":1667,"href":"https:\/\/spl-arquitectos.com\/index.php\/wp-json\/wp\/v2\/pages\/950\/revisions\/1667"}],"wp:attachment":[{"href":"https:\/\/spl-arquitectos.com\/index.php\/wp-json\/wp\/v2\/media?parent=950"}],"curies":[{"name":"wp","href":"https:\/\/api.w.org\/{rel}","templated":true}]}}